{"id":5304,"date":"2023-01-27T12:30:31","date_gmt":"2023-01-27T12:30:31","guid":{"rendered":"https:\/\/www.laviaflaminia.it\/portfolio-item\/4137\/"},"modified":"2023-02-27T12:12:18","modified_gmt":"2023-02-27T12:12:18","slug":"4137","status":"publish","type":"portfolio","link":"https:\/\/www.laviaflaminia.it\/en\/portfolio-item\/4137\/","title":{"rendered":"FERMIGNANO"},"content":{"rendered":"\n<style type=\"text\/css\" data-created_by=\"avia_inline_auto\" id=\"style-css-av-ldei3nj0-517b0892b58a74373f0bb2b0971fbdd9\">\n.avia-section.av-ldei3nj0-517b0892b58a74373f0bb2b0971fbdd9{\nbackground-repeat:no-repeat;\nbackground-image:url(https:\/\/www.laviaflaminia.it\/wp-content\/uploads\/2023\/01\/Fermignano_vista_da_Sud_con_Urbino_in_cima_al_colle.jpg);\nbackground-position:50% 50%;\nbackground-attachment:fixed;\n}\n.avia-section.av-ldei3nj0-517b0892b58a74373f0bb2b0971fbdd9 .av-section-color-overlay{\nopacity:0.5;\nbackground-color:#000000;\n}\n<\/style>\n<div id='av_section_1'  class='avia-section av-ldei3nj0-517b0892b58a74373f0bb2b0971fbdd9 main_color avia-section-default avia-no-border-styling  avia-builder-el-0  el_before_av_one_full  avia-builder-el-first  avia-full-stretch avia-bg-style-fixed av-section-color-overlay-active av-minimum-height av-minimum-height-50  container_wrap sidebar_right'  data-section-bg-repeat='stretch' data-av_minimum_height_pc='50'><div class=\"av-section-color-overlay-wrap\"><div class=\"av-section-color-overlay\"><\/div><div class='container av-section-cont-open' ><main  role=\"main\" itemprop=\"mainContentOfPage\"  class='template-page content  av-content-small alpha units'><div class='post-entry post-entry-type-page post-entry-5304'><div class='entry-content-wrapper clearfix'>\n\n<style type=\"text\/css\" data-created_by=\"avia_inline_auto\" id=\"style-css-av-ldei34z3-8ef3a7dcf4611cc049145684fc9c46e2\">\n.avia-image-container.av-ldei34z3-8ef3a7dcf4611cc049145684fc9c46e2 img.avia_image{\nbox-shadow:none;\n}\n.avia-image-container.av-ldei34z3-8ef3a7dcf4611cc049145684fc9c46e2 .av-image-caption-overlay-center{\ncolor:#ffffff;\n}\n<\/style>\n<div  class='avia-image-container av-ldei34z3-8ef3a7dcf4611cc049145684fc9c46e2 av-styling- avia-align-left  avia-builder-el-1  el_before_av_heading  avia-builder-el-first '   itemprop=\"image\" itemscope=\"itemscope\" itemtype=\"https:\/\/schema.org\/ImageObject\" ><div class=\"avia-image-container-inner\"><div class=\"avia-image-overlay-wrap\"><img decoding=\"async\" class='wp-image-5100 avia-img-lazy-loading-not-5100 avia_image ' src=\"https:\/\/www.laviaflaminia.it\/wp-content\/uploads\/2023\/01\/Fermignano-Stemma-256x300.png\" alt='' title='Fermignano-Stemma'  height=\"300\" width=\"256\"  itemprop=\"thumbnailUrl\" srcset=\"https:\/\/www.laviaflaminia.it\/wp-content\/uploads\/2023\/01\/Fermignano-Stemma-256x300.png 256w, https:\/\/www.laviaflaminia.it\/wp-content\/uploads\/2023\/01\/Fermignano-Stemma.png 400w\" sizes=\"(max-width: 256px) 100vw, 256px\" \/><\/div><\/div><\/div>\n\n<style type=\"text\/css\" data-created_by=\"avia_inline_auto\" id=\"style-css-av-ldei2ewu-f338ae795d63ee326c0fdc5fa4cef03b\">\n#top .av-special-heading.av-ldei2ewu-f338ae795d63ee326c0fdc5fa4cef03b{\npadding-bottom:10px;\ncolor:#ffffff;\n}\nbody .av-special-heading.av-ldei2ewu-f338ae795d63ee326c0fdc5fa4cef03b .av-special-heading-tag .heading-char{\nfont-size:25px;\n}\n.av-special-heading.av-ldei2ewu-f338ae795d63ee326c0fdc5fa4cef03b .special-heading-inner-border{\nborder-color:#ffffff;\n}\n.av-special-heading.av-ldei2ewu-f338ae795d63ee326c0fdc5fa4cef03b .av-subheading{\nfont-size:15px;\n}\n<\/style>\n<div  class='av-special-heading av-ldei2ewu-f338ae795d63ee326c0fdc5fa4cef03b av-special-heading-h1 custom-color-heading blockquote modern-quote  avia-builder-el-2  el_after_av_image  avia-builder-el-last '><h1 class='av-special-heading-tag'  itemprop=\"headline\"  >FERMIGNANO<\/h1><div class=\"special-heading-border\"><div class=\"special-heading-inner-border\"><\/div><\/div><\/div>\n<\/div><\/div><\/main><!-- close content main element --><\/div><\/div><\/div><div id='after_section_1'  class='main_color av_default_container_wrap container_wrap sidebar_right'  ><div class='container av-section-cont-open' ><div class='template-page content  av-content-small alpha units'><div class='post-entry post-entry-type-page post-entry-5304'><div class='entry-content-wrapper clearfix'>\n<div class='flex_column av-dlntyh-525a2d7411a1b1859ea048139f002107 av_one_full  avia-builder-el-3  el_after_av_section  el_before_av_one_full  avia-builder-el-first  first flex_column_div '     ><p>\n<style type=\"text\/css\" data-created_by=\"avia_inline_auto\" id=\"style-css-av-clnbkp-f92530aa19b7100f239b802a578427e4\">\n#top .av-special-heading.av-clnbkp-f92530aa19b7100f239b802a578427e4{\npadding-bottom:10px;\n}\nbody .av-special-heading.av-clnbkp-f92530aa19b7100f239b802a578427e4 .av-special-heading-tag .heading-char{\nfont-size:25px;\n}\n.av-special-heading.av-clnbkp-f92530aa19b7100f239b802a578427e4 .av-subheading{\nfont-size:15px;\n}\n<\/style>\n<div  class='av-special-heading av-clnbkp-f92530aa19b7100f239b802a578427e4 av-special-heading-h2  avia-builder-el-4  el_before_av_textblock  avia-builder-el-first '><h2 class='av-special-heading-tag'  itemprop=\"headline\"  >TERRITORY<\/h2><div class=\"special-heading-border\"><div class=\"special-heading-inner-border\"><\/div><\/div><\/div><br \/>\n<section  class='av_textblock_section av-ldei3wes-5ecb0282c088e5eceaea59a806f6e585'  itemscope=\"itemscope\" itemtype=\"https:\/\/schema.org\/CreativeWork\" ><div class='avia_textblock'  itemprop=\"text\" ><p>Il territorio comunale occupa la pianura del fiume da San Silvestro fino a Santa Barbara, al confine con il territorio del Comune di Urbino. Un&#8217;altra parte del territorio \u00e8 costituita da colline che contornano la pianura. Attorno al centro abitato principale sorgono le frazioni pi\u00f9 importanti: S. Silvestro e Ca L&#8217;Agostina, mentre Pagino \u00e8 ubicato in un&#8217;isola amministrativa sul M. Pietralata.<\/p>\n<p>E&#8217; da notare che la maggior parte del territorio \u00e8 ubicata attorno al centro storico, alla citt\u00e0 costruita in epoca moderna e alla ampia zona industriale, ma una parte cospicua \u00e8 costituita dall&#8217;isola amministrativa di Pagino che si trova completamente staccata dal resto del territorio: \u00e8 infatti ubicata tra i Comuni di Urbino, Fossombrone, Acqualagna e Cagli ed \u00e8 parte integrante del territorio del Furlo. In questa frazione sono compresi il monte di Pietralata, la sponda sinistra del fiume Candigliano, la strada Flaminia, la diga del Furlo, le due gallerie romane del passo del Furlo e Pagino Castello con relativa chiesa di San Clemente, in fase di restauro per i danni del terremoto del 1997.<\/p>\n<\/div><\/section><br \/>\n\n<style type=\"text\/css\" data-created_by=\"avia_inline_auto\" id=\"style-css-av-aa94vd-d881e9cb6a3d71728feb2094e2a171aa\">\n#top .av-special-heading.av-aa94vd-d881e9cb6a3d71728feb2094e2a171aa{\npadding-bottom:10px;\n}\nbody .av-special-heading.av-aa94vd-d881e9cb6a3d71728feb2094e2a171aa .av-special-heading-tag .heading-char{\nfont-size:25px;\n}\n.av-special-heading.av-aa94vd-d881e9cb6a3d71728feb2094e2a171aa .av-subheading{\nfont-size:15px;\n}\n<\/style>\n<div  class='av-special-heading av-aa94vd-d881e9cb6a3d71728feb2094e2a171aa av-special-heading-h2  avia-builder-el-6  el_after_av_textblock  el_before_av_textblock '><h2 class='av-special-heading-tag'  itemprop=\"headline\"  >CITY<\/h2><div class=\"special-heading-border\"><div class=\"special-heading-inner-border\"><\/div><\/div><\/div><br \/>\n<section  class='av_textblock_section av-ldei4egg-2fb2a447f0098475afe0ce253ec86e49'  itemscope=\"itemscope\" itemtype=\"https:\/\/schema.org\/CreativeWork\" ><div class='avia_textblock'  itemprop=\"text\" ><p>Il Comune di Fermignano si trova nella media vallata del Metauro, sulla riva dove il fiume forma un&#8217;ampia ansa ed una bella cascata a salti.<\/p>\n<p>Ha una superficie di 43,3 kmq e nel 2010 conta 8.701 abitanti (7.234 nel 1997, 8.384 nel 2006).<\/p>\n<p>Fermignano \u00e8 una citt\u00e0 prospera e operosa, alla cui economia contribuiscono l&#8217;agricoltura, l&#8217;industria e il terziario. Negli ultimi anni la citt\u00e0 ha conosciuto un poderoso sviluppo industriale ospitando presso Bivio Borzaga il terzo polo industriale della Provincia, con industrie del settore del legno, della meccanica, del tessile e abbigliamento.<\/p>\n<p>La citt\u00e0 di Fermignano \u00e8 sempre stata rinomata per le sue industrie, in particolare quella della carta (fin dal Rinascimento) e per le manifatture della lana e della filatura e tessitura in generale (fin dall&#8217;inizio del secolo ventesimo). La citt\u00e0 era sede di una industria della manifattura del tabacco e di un rinomato pastificio.<\/p>\n<p>Con la diga del Furlo e con le centrali idroelettriche di Pian dei Raggioli e dell&#8217;ex opificio Carotti \u00e8 stata fin dai primi del Novecento un centro di grande produzione di energia elettrica al servizio anche dello sviluppo industriale.<\/p>\n<p>Autori:\u00a0Lippera Francesca, Marchetti Fabio<\/p>\n<p><a href=\"http:\/\/www.lavalledelmetauro.it\/contenuti\/comuni-del-bacino\/scheda\/8087.html\">http:\/\/www.lavalledelmetauro.it\/contenuti\/comuni-del-bacino\/scheda\/8087.html<\/a><\/p>\n<\/div><\/section><br \/>\n\n<style type=\"text\/css\" data-created_by=\"avia_inline_auto\" id=\"style-css-av-ldei55ic-11bdd672ed911417e2e8a44c298c5d95\">\n#top .avia-gallery.av-ldei55ic-11bdd672ed911417e2e8a44c298c5d95 .avia-gallery-thumb a{\nwidth:20%;\n}\n<\/style>\n<div  class='avia-gallery av-ldei55ic-11bdd672ed911417e2e8a44c298c5d95 avia_animate_when_visible  avia-builder-el-8  el_after_av_textblock  el_before_av_hr  avia_lazyload avia-gallery-animate avia-gallery-1'  itemprop=\"image\" itemscope=\"itemscope\" itemtype=\"https:\/\/schema.org\/ImageObject\" ><meta itemprop=\"contentURL\" content=\"https:\/\/www.laviaflaminia.it\/en\/portfolio-item\/4137\/\"><div class='avia-gallery-thumb'><a href=\"https:\/\/www.laviaflaminia.it\/wp-content\/uploads\/2023\/01\/Fermignano_vista_da_Sud_con_Urbino_in_cima_al_colle.jpg\" data-srcset=\"https:\/\/www.laviaflaminia.it\/wp-content\/uploads\/2023\/01\/Fermignano_vista_da_Sud_con_Urbino_in_cima_al_colle.jpg 431w, https:\/\/www.laviaflaminia.it\/wp-content\/uploads\/2023\/01\/Fermignano_vista_da_Sud_con_Urbino_in_cima_al_colle-297x300.jpg 297w, https:\/\/www.laviaflaminia.it\/wp-content\/uploads\/2023\/01\/Fermignano_vista_da_Sud_con_Urbino_in_cima_al_colle-80x80.jpg 80w, https:\/\/www.laviaflaminia.it\/wp-content\/uploads\/2023\/01\/Fermignano_vista_da_Sud_con_Urbino_in_cima_al_colle-36x36.jpg 36w\" data-sizes=\"(max-width: 431px) 100vw, 431px\" data-rel='gallery-1' data-prev-img='https:\/\/www.laviaflaminia.it\/wp-content\/uploads\/2023\/01\/Fermignano_vista_da_Sud_con_Urbino_in_cima_al_colle-431x400.jpg' class='first_thumb lightbox ' data-onclick='1' title='Fermignano_vista_da_Sud,_con_Urbino_in_cima_al_colle'  itemprop=\"thumbnailUrl\"  ><img decoding=\"async\" class=\"wp-image-5101 avia-img-lazy-loading-not-5101\"   src=\"https:\/\/www.laviaflaminia.it\/wp-content\/uploads\/2023\/01\/Fermignano_vista_da_Sud_con_Urbino_in_cima_al_colle-431x400.jpg\" width=\"431\" height=\"400\"  title='Fermignano_vista_da_Sud,_con_Urbino_in_cima_al_colle' alt='' \/><div class='big-prev-fake'><img loading=\"lazy\" decoding=\"async\" class=\"wp-image-5101 avia-img-lazy-loading-5101\"  width=\"431\" height=\"400\" src=\"https:\/\/www.laviaflaminia.it\/wp-content\/uploads\/2023\/01\/Fermignano_vista_da_Sud_con_Urbino_in_cima_al_colle-431x400.jpg\" title='Fermignano_vista_da_Sud,_con_Urbino_in_cima_al_colle' alt='' \/><\/div><\/a><a href=\"https:\/\/www.laviaflaminia.it\/wp-content\/uploads\/2023\/01\/Ponte_ed_ex_Lanificio_di_Fermignano_luglio_1984.jpg\" data-srcset=\"https:\/\/www.laviaflaminia.it\/wp-content\/uploads\/2023\/01\/Ponte_ed_ex_Lanificio_di_Fermignano_luglio_1984.jpg 648w, https:\/\/www.laviaflaminia.it\/wp-content\/uploads\/2023\/01\/Ponte_ed_ex_Lanificio_di_Fermignano_luglio_1984-300x201.jpg 300w\" data-sizes=\"(max-width: 648px) 100vw, 648px\" data-rel='gallery-1' data-prev-img='https:\/\/www.laviaflaminia.it\/wp-content\/uploads\/2023\/01\/Ponte_ed_ex_Lanificio_di_Fermignano_luglio_1984-495x400.jpg' class='lightbox ' data-onclick='2' title='Ponte_ed_ex_Lanificio_di_Fermignano,_luglio_1984'  itemprop=\"thumbnailUrl\"  ><img decoding=\"async\" class=\"wp-image-5102 avia-img-lazy-loading-not-5102\"   src=\"https:\/\/www.laviaflaminia.it\/wp-content\/uploads\/2023\/01\/Ponte_ed_ex_Lanificio_di_Fermignano_luglio_1984-495x400.jpg\" width=\"495\" height=\"400\"  title='Ponte_ed_ex_Lanificio_di_Fermignano,_luglio_1984' alt='' \/><div class='big-prev-fake'><img loading=\"lazy\" decoding=\"async\" class=\"wp-image-5102 avia-img-lazy-loading-5102\"  width=\"495\" height=\"400\" src=\"https:\/\/www.laviaflaminia.it\/wp-content\/uploads\/2023\/01\/Ponte_ed_ex_Lanificio_di_Fermignano_luglio_1984-495x400.jpg\" title='Ponte_ed_ex_Lanificio_di_Fermignano,_luglio_1984' alt='' \/><\/div><\/a><\/div><\/div><br \/>\n\n<style type=\"text\/css\" data-created_by=\"avia_inline_auto\" id=\"style-css-av-6v5c49-162ddb6a6dbffdc9d1f6c21b2e857346\">\n#top .hr.hr-invisible.av-6v5c49-162ddb6a6dbffdc9d1f6c21b2e857346{\nheight:50px;\n}\n<\/style>\n<div  class='hr av-6v5c49-162ddb6a6dbffdc9d1f6c21b2e857346 hr-invisible  avia-builder-el-9  el_after_av_gallery  el_before_av_heading '><span class='hr-inner '><span class=\"hr-inner-style\"><\/span><\/span><\/div><br \/>\n\n<style type=\"text\/css\" data-created_by=\"avia_inline_auto\" id=\"style-css-av-6l640p-504a52e2178d9df388b8fd5edc65dfc5\">\n#top .av-special-heading.av-6l640p-504a52e2178d9df388b8fd5edc65dfc5{\npadding-bottom:10px;\n}\nbody .av-special-heading.av-6l640p-504a52e2178d9df388b8fd5edc65dfc5 .av-special-heading-tag .heading-char{\nfont-size:25px;\n}\n.av-special-heading.av-6l640p-504a52e2178d9df388b8fd5edc65dfc5 .av-subheading{\nfont-size:15px;\n}\n<\/style>\n<div  class='av-special-heading av-6l640p-504a52e2178d9df388b8fd5edc65dfc5 av-special-heading-h2  avia-builder-el-10  el_after_av_hr  avia-builder-el-last '><h2 class='av-special-heading-tag'  itemprop=\"headline\"  >COSE DA VEDERE<\/h2><div class=\"special-heading-border\"><div class=\"special-heading-inner-border\"><\/div><\/div><\/div><\/p><\/div><div class='flex_column av-48rhl5-eaf6d673826160ab2ddf246dfd128558 av_one_full  avia-builder-el-11  el_after_av_one_full  avia-builder-el-last  first flex_column_div column-top-margin'     ><p><div  id=\"av-sc-portfolio-1\"  class=\"av-portfolio-grid-sorting-container\"><div class='sort_width_container  av-sort-yes' data-portfolio-id='1' ><div id='js_sort_items' ><div class='sort_by_cat hidden'><a href=\"#\" data-filter=\"all_sort\" class=\"all_sort_button active_sort\"><span class=\"inner_sort_button\"><span>All<\/span><small class=\"av-cat-count\"> 5 <\/small><\/span><\/a><span class=\"text-sep fermignano-en_sort_sep\">\/<\/span><a href=\"#\" data-filter=\"fermignano-en_sort\" class=\"fermignano-en_sort_button\" ><span class=\"inner_sort_button\"><span>FERMIGNANO<\/span><small class=\"av-cat-count\"> 5 <\/small><\/span><\/a><\/div><\/div><\/div><div  class=' grid-sort-container isotope   no_margin-container with-title-container grid-total-odd grid-col-4 grid-links-' data-portfolio-id='1'><div data-ajax-id='5241' class=' grid-entry flex_column isotope-item all_sort no_margin post-entry post-entry-5241 grid-entry-overview grid-loop-1 grid-parity-odd  archeology_sort fermignano-en_sort landscape_sort  av_one_fourth first default_av_fullwidth '><article class='main_color inner-entry'  itemscope=\"itemscope\" itemtype=\"https:\/\/schema.org\/CreativeWork\" ><a href=\"https:\/\/www.laviaflaminia.it\/en\/portfolio-item\/4178\/\" title='AD INTERCISA, LA GOLA DEL FURLO'  data-rel='grid-1' class='grid-image avia-hover-fx'> <img decoding=\"async\" width=\"260\" height=\"185\" src=\"https:\/\/www.laviaflaminia.it\/wp-content\/uploads\/2023\/01\/la_riserva_naturale_statale_Gola_del_Furlo-260x185.jpg\" class=\"wp-image-5127 avia-img-lazy-loading-not-5127 attachment-portfolio_small size-portfolio_small wp-post-image\" alt=\"\" \/><\/a><div class='grid-content'><div class='avia-arrow'><\/div><header class=\"entry-content-header\"><h3 class='grid-entry-title entry-title '  itemprop=\"headline\" ><a href='https:\/\/www.laviaflaminia.it\/en\/portfolio-item\/4178\/' title='AD INTERCISA, LA GOLA DEL FURLO'>AD INTERCISA, LA GOLA DEL FURLO<\/a><\/h3><\/header><\/div><footer class=\"entry-footer\"><\/footer><\/article><\/div><div data-ajax-id='5246' class=' grid-entry flex_column isotope-item all_sort no_margin post-entry post-entry-5246 grid-entry-overview grid-loop-2 grid-parity-even  archeology_sort fermignano-en_sort  av_one_fourth  default_av_fullwidth '><article class='main_color inner-entry'  itemscope=\"itemscope\" itemtype=\"https:\/\/schema.org\/CreativeWork\" ><a href=\"https:\/\/www.laviaflaminia.it\/en\/portfolio-item\/4170\/\" title='GALLERIA DI VESPASIANO, LA GOLA DEL FURLO'  data-rel='grid-1' class='grid-image avia-hover-fx'> <img decoding=\"async\" width=\"260\" height=\"185\" src=\"https:\/\/www.laviaflaminia.it\/wp-content\/uploads\/2023\/01\/Galleria_di_Vespasiano_1-260x185.jpg\" class=\"wp-image-5119 avia-img-lazy-loading-not-5119 attachment-portfolio_small size-portfolio_small wp-post-image\" alt=\"\" \/><\/a><div class='grid-content'><div class='avia-arrow'><\/div><header class=\"entry-content-header\"><h3 class='grid-entry-title entry-title '  itemprop=\"headline\" ><a href='https:\/\/www.laviaflaminia.it\/en\/portfolio-item\/4170\/' title='GALLERIA DI VESPASIANO, LA GOLA DEL FURLO'>GALLERIA DI VESPASIANO, LA GOLA DEL FURLO<\/a><\/h3><\/header><\/div><footer class=\"entry-footer\"><\/footer><\/article><\/div><div data-ajax-id='5251' class=' grid-entry flex_column isotope-item all_sort no_margin post-entry post-entry-5251 grid-entry-overview grid-loop-3 grid-parity-odd  archeology_sort fermignano-en_sort  av_one_fourth  default_av_fullwidth '><article class='main_color inner-entry'  itemscope=\"itemscope\" itemtype=\"https:\/\/schema.org\/CreativeWork\" ><a href=\"https:\/\/www.laviaflaminia.it\/en\/portfolio-item\/4159\/\" title='GALLERIA MINORE, LA GOLA DEL FURLO'  data-rel='grid-1' class='grid-image avia-hover-fx'> <img decoding=\"async\" width=\"260\" height=\"185\" src=\"https:\/\/www.laviaflaminia.it\/wp-content\/uploads\/2023\/01\/galleria_piccola_vista_5-260x185.jpg\" class=\"wp-image-5114 avia-img-lazy-loading-not-5114 attachment-portfolio_small size-portfolio_small wp-post-image\" alt=\"\" \/><\/a><div class='grid-content'><div class='avia-arrow'><\/div><header class=\"entry-content-header\"><h3 class='grid-entry-title entry-title '  itemprop=\"headline\" ><a href='https:\/\/www.laviaflaminia.it\/en\/portfolio-item\/4159\/' title='GALLERIA MINORE, LA GOLA DEL FURLO'>GALLERIA MINORE, LA GOLA DEL FURLO<\/a><\/h3><\/header><\/div><footer class=\"entry-footer\"><\/footer><\/article><\/div><div data-ajax-id='5283' class=' grid-entry flex_column isotope-item all_sort no_margin post-entry post-entry-5283 grid-entry-overview grid-loop-4 grid-parity-even  archeology_sort fermignano-en_sort  av_one_fourth  default_av_fullwidth '><article class='main_color inner-entry'  itemscope=\"itemscope\" itemtype=\"https:\/\/schema.org\/CreativeWork\" ><a href=\"https:\/\/www.laviaflaminia.it\/en\/portfolio-item\/4152\/\" title='SUBSTRUCTURES IN FURLO'  data-rel='grid-1' class='grid-image avia-hover-fx'> <img decoding=\"async\" width=\"260\" height=\"185\" src=\"https:\/\/www.laviaflaminia.it\/wp-content\/uploads\/2023\/01\/sostruzioni-di-eta-augustea__2-260x185.jpg\" class=\"wp-image-5109 avia-img-lazy-loading-not-5109 attachment-portfolio_small size-portfolio_small wp-post-image\" alt=\"\" \/><\/a><div class='grid-content'><div class='avia-arrow'><\/div><header class=\"entry-content-header\"><h3 class='grid-entry-title entry-title '  itemprop=\"headline\" ><a href='https:\/\/www.laviaflaminia.it\/en\/portfolio-item\/4152\/' title='SUBSTRUCTURES IN FURLO'>SUBSTRUCTURES IN FURLO<\/a><\/h3><\/header><\/div><footer class=\"entry-footer\"><\/footer><\/article><\/div><div data-ajax-id='5299' class=' grid-entry flex_column isotope-item all_sort no_margin post-entry post-entry-5299 grid-entry-overview grid-loop-5 grid-parity-odd  post-entry-last  culture_sort fermignano-en_sort  av_one_fourth first default_av_fullwidth '><article class='main_color inner-entry'  itemscope=\"itemscope\" itemtype=\"https:\/\/schema.org\/CreativeWork\" ><a href=\"https:\/\/www.laviaflaminia.it\/en\/portfolio-item\/4143\/\" title='CHIESA DI SANTA MARIA DELLE GRAZIE, LA GOLA DEL FURLO'  data-rel='grid-1' class='grid-image avia-hover-fx'> <img decoding=\"async\" width=\"260\" height=\"185\" src=\"https:\/\/www.laviaflaminia.it\/wp-content\/uploads\/2023\/01\/Chiesa_S.maria_delle_Grazie_2-260x185.jpg\" class=\"wp-image-5104 avia-img-lazy-loading-not-5104 attachment-portfolio_small size-portfolio_small wp-post-image\" alt=\"\" \/><\/a><div class='grid-content'><div class='avia-arrow'><\/div><header class=\"entry-content-header\"><h3 class='grid-entry-title entry-title '  itemprop=\"headline\" ><a href='https:\/\/www.laviaflaminia.it\/en\/portfolio-item\/4143\/' title='CHIESA DI SANTA MARIA DELLE GRAZIE, LA GOLA DEL FURLO'>CHIESA DI SANTA MARIA DELLE GRAZIE, LA GOLA DEL FURLO<\/a><\/h3><\/header><\/div><footer class=\"entry-footer\"><\/footer><\/article><\/div><\/div><\/div>   <!--   class=\"av-portfolio-grid-sorting-container\"  --><br \/>\n<div  class='avia-button-wrap avia-button-center  avia-builder-el-13  el_after_av_portfolio  avia-builder-el-last '>\n<style type=\"text\/css\" data-created_by=\"avia_inline_auto\" id=\"style-css-av-9dci9l-6854152fa8b2fc15169de0688e0e23cc\">\n#top #wrap_all .avia-button.av-9dci9l-6854152fa8b2fc15169de0688e0e23cc:hover{\ncolor:white;\n-webkit-transition:all 0.4s ease-in-out;\n-moz-transition:all 0.4s ease-in-out;\n-ms-transition:all 0.4s ease-in-out;\n-o-transition:all 0.4s ease-in-out;\ntransition:all 0.4s ease-in-out;\n}\n<\/style>\n<a href=\"https:\/\/www.lavalledelmetauro.it\/contenuti\/comuni-del-bacino\/scheda\/8087.html\" class=\"avia-color-theme-color-highlight avia-font-color-theme-color avia-button avia-button-fullwidth av-9dci9l-6854152fa8b2fc15169de0688e0e23cc avia-icon_select-yes-left-icon avia-color-theme-color-highlight\" target=\"_blank\" rel=\"noopener noreferrer\"><span class='avia_button_icon avia_button_icon_left' aria-hidden='true' data-av_icon='\ue83f' data-av_iconfont='entypo-fontello'><\/span><span class='avia_iconbox_title' >Comune<\/span><span class='avia_button_background avia-button avia-button-fullwidth avia-color-theme-color'><\/span><\/a><\/div><\/p><\/div><\/p>\n","protected":false},"excerpt":{"rendered":"","protected":false},"featured_media":5100,"comment_status":"open","ping_status":"closed","template":"","tags":[],"portfolio_entries":[51],"class_list":["post-5304","portfolio","type-portfolio","status-publish","has-post-thumbnail","hentry","portfolio_entries-towns"],"_links":{"self":[{"href":"https:\/\/www.laviaflaminia.it\/en\/wp-json\/wp\/v2\/portfolio\/5304","targetHints":{"allow":["GET"]}}],"collection":[{"href":"https:\/\/www.laviaflaminia.it\/en\/wp-json\/wp\/v2\/portfolio"}],"about":[{"href":"https:\/\/www.laviaflaminia.it\/en\/wp-json\/wp\/v2\/types\/portfolio"}],"replies":[{"embeddable":true,"href":"https:\/\/www.laviaflaminia.it\/en\/wp-json\/wp\/v2\/comments?post=5304"}],"version-history":[{"count":4,"href":"https:\/\/www.laviaflaminia.it\/en\/wp-json\/wp\/v2\/portfolio\/5304\/revisions"}],"predecessor-version":[{"id":5309,"href":"https:\/\/www.laviaflaminia.it\/en\/wp-json\/wp\/v2\/portfolio\/5304\/revisions\/5309"}],"wp:featuredmedia":[{"embeddable":true,"href":"https:\/\/www.laviaflaminia.it\/en\/wp-json\/wp\/v2\/media\/5100"}],"wp:attachment":[{"href":"https:\/\/www.laviaflaminia.it\/en\/wp-json\/wp\/v2\/media?parent=5304"}],"wp:term":[{"taxonomy":"post_tag","embeddable":true,"href":"https:\/\/www.laviaflaminia.it\/en\/wp-json\/wp\/v2\/tags?post=5304"},{"taxonomy":"portfolio_entries","embeddable":true,"href":"https:\/\/www.laviaflaminia.it\/en\/wp-json\/wp\/v2\/portfolio_entries?post=5304"}],"curies":[{"name":"wp","href":"https:\/\/api.w.org\/{rel}","templated":true}]}}