{"id":5745,"date":"2023-01-26T14:55:58","date_gmt":"2023-01-26T14:55:58","guid":{"rendered":"https:\/\/www.laviaflaminia.it\/portfolio-item\/3672\/"},"modified":"2023-02-27T15:05:37","modified_gmt":"2023-02-27T15:05:37","slug":"3672","status":"publish","type":"portfolio","link":"https:\/\/www.laviaflaminia.it\/en\/portfolio-item\/3672\/","title":{"rendered":"BIBLIOTECA COMUNALE FEDERICIANA A FANO"},"content":{"rendered":"<div class='flex_column av-6d2lu0-cbeb029a5949887e639c5ba319412dbb av_one_full  avia-builder-el-0  el_before_av_gallery  avia-builder-el-first  first flex_column_div '     ><p>\n<style type=\"text\/css\" data-created_by=\"avia_inline_auto\" id=\"style-css-av-ldd7u54l-fc9f72f283d6975feca50ca44d2251c7\">\n#top .avia-icon-list-container.av-ldd7u54l-fc9f72f283d6975feca50ca44d2251c7 .iconlist_icon{\nbackground-color:#bb2649;\n}\n<\/style>\n<div  class='avia-icon-list-container av-ldd7u54l-fc9f72f283d6975feca50ca44d2251c7  avia-builder-el-1  el_before_av_heading  avia-builder-el-first '><ul class='avia-icon-list avia_animate_when_almost_visible avia-icon-list-left av-iconlist-big av-ldd7u54l-fc9f72f283d6975feca50ca44d2251c7 avia-iconlist-animate'>\n<li><div class='iconlist_icon av-434pug-15609067c34ab3546abd79090abc869b avia-font-entypo-fontello'><span class='iconlist-char' aria-hidden='true' data-av_icon='\ue84f' data-av_iconfont='entypo-fontello'><\/span><\/div><article class=\"article-icon-entry av-iconlist-empty\"  itemscope=\"itemscope\" itemtype=\"https:\/\/schema.org\/CreativeWork\" ><div class=\"iconlist_content_wrap\"><header class=\"entry-content-header\"><h4 class='av_iconlist_title iconlist_title  '  itemprop=\"headline\" >Cultura<\/h4><\/header><div class='iconlist_content '  itemprop=\"text\" ><\/div><\/div><footer class=\"entry-footer\"><\/footer><\/article><div class=\"iconlist-timeline\"><\/div><\/li>\n<\/ul><\/div><br \/>\n\n<style type=\"text\/css\" data-created_by=\"avia_inline_auto\" id=\"style-css-av-2t1rmg-669dcd8d18cdb57dba6d15c333d9242b\">\n#top .av-special-heading.av-2t1rmg-669dcd8d18cdb57dba6d15c333d9242b{\npadding-bottom:10px;\n}\nbody .av-special-heading.av-2t1rmg-669dcd8d18cdb57dba6d15c333d9242b .av-special-heading-tag .heading-char{\nfont-size:25px;\n}\n.av-special-heading.av-2t1rmg-669dcd8d18cdb57dba6d15c333d9242b .av-subheading{\nfont-size:15px;\n}\n<\/style>\n<div  class='av-special-heading av-2t1rmg-669dcd8d18cdb57dba6d15c333d9242b av-special-heading-h3  avia-builder-el-2  el_after_av_iconlist  el_before_av_textblock '><h3 class='av-special-heading-tag'  itemprop=\"headline\"  >DESCRIPTION<\/h3><div class=\"special-heading-border\"><div class=\"special-heading-inner-border\"><\/div><\/div><\/div><br \/>\n<section  class='av_textblock_section av-ldd7ulov-56f65fb163bd38331abb6e57932988be'  itemscope=\"itemscope\" itemtype=\"https:\/\/schema.org\/CreativeWork\" ><div class='avia_textblock'  itemprop=\"text\" ><div class=\"descrizione\">\n<div class=\"descr\">\n<p>La Biblioteca Federiciana \u00e8 di propriet\u00e0 comunale ed occupa la vecchia casa religiosa della Chiesa di S. Pietro ad valium, fondata dall&#8217;abate Domenico Federici di Bargni (1633 &#8211; 1720) fu da questi donata all&#8217;Oratorio di S. Filippo Neri. Nel 1718 fu visitata da Giacomo III d&#8217;Inghilterra discendente da una Martinozzi fanese, che prima di essere filippino, fu alla corte di Vienna e diplomatico imperiale presso la Repubblica di Venezia.<\/p>\n<p>La sala d&#8217;onore ha scaffali di noce architettonici, che l&#8217;abate Federici ordin\u00f2 ad un Maestro Francesco Bolognese. Le pitture del soffitto, gi\u00e0 molto deperite, furono scrostate dopo il terremoto del 1930. Esse erano di Pietro Rocco da Padova; ma il Federici aveva chiamato (1678) Clemente Majoli o Majola (che affresc\u00f2 il presbitero e l\u2019abside della chiesa dei Teatini a Ferrara).Egli per\u00f2 si ammal\u00f2 appena giunto a Fano e mor\u00ec poco dopo. Nella stessa sala si conservano anche due grandi globi geografici di Padre Vincenzo Coronelli (1688).<\/p>\n<p>Negli altri ambienti sono presenti quadretti d&#8217;interesse topografico e storico, come piante della citt\u00e0, un portolano, lo stemma dell&#8217;Accademia degli Scomposti e una piccola Madonna, forse di Sebastiano Ceccarini, gi\u00e0 sulla fronte della casa Selvelli sulle mura del Baluardo (demolita dopo i terremoti del 1930), immagine legata ad una pia tradizione popolare dopo i bombardamenti dal mare nel periodo francese del 1799.<\/p>\n<p>La Biblioteca possiede rare edizioni del XVI sec. Pare che abbia circa centomila volumi a stampa e pi\u00f9 di ventimila opuscoli. Adolfo Mabellini, compianto benemerito bibliotecario, compil\u00f2 il paziente e delicato lavoro dell&#8217;inventario di molta parte dei manoscritti, pubblicando due volumi nella nota raccolta del Sorbelli.<\/p>\n<p>La Biblioteca ha pure l&#8217;Archivio Storico del Comune, bene riordinato, sino al 1808, da Mons. Aurelio Zonghi, il quale, nel 1888, ne pubblic\u00f2 il repertorio. Delle dieci sezioni di cui si compone l&#8217;archivio riordinato, merita il primo posto quella dei Codici Malatestiani (1367 &#8211; 1463) unit\u00e0 documentale storica inscindibile, costituita da 114 volumi, fra i quali i libri della Camere di Pandolfo III, quando fu signore anche di Brescia e di Bergamo, trasportati a Fano allorch\u00e9 Pandolfo dovette abbandonare successivamente, sconfitto ma riscuotendo danaro, la signoria di quelle due citt\u00e0 (1420).<\/p>\n<p>La collezione delle pergamene (1173 &#8211; 1807) ha qualche documento di molta importanza storica. L&#8217;Archivio ne perdette una parte nel 1731 durante un incendio nel Palazzo dei Magistrati, che, originato in una scuderia improvvidamente situata sotto una delle sale dell&#8217;archivio stesso, distrusse alcune migliaia di volumi manoscritti.<\/p>\n<p><em>Giornali e periodici<\/em><br \/>\nLe pubblicazioni periodiche possono essere consultate solo in sala lettura.<\/p>\n<p>La Biblioteca Federiciana fa parte del Servizio Bibliotecario Nazionale, \u00e8 quindi possibile consultare attraverso internet il suo catalogo on line, il catalogo del Polo Provinciale e il catalogo nazionale.<br \/>\nPer consultare il catalogo della Federiciana:\u00a0<em>http:\/\/opac.bib.uniurb.it<\/em><br \/>\nper consultare il catalogo nazionale:\u00a0<em>http:\/\/opac.sbn.it\/index.htlm<\/em><\/p>\n<p>Per informazioni (aggiornam. al 7-11-2011)<br \/>\ntel. 0721-887474<br \/>\ne-mail: biblioteca@federiciana.it<\/p>\n<p>Autore: Biblioteca Federiciana di Fano<\/p>\n<p>Fonte:\u00a0<a href=\"http:\/\/www.lavalledelmetauro.it\/contenuti\/beni-storici-artistici\/scheda\/10393.html\" target=\"_blank\" rel=\"noopener\">http:\/\/www.lavalledelmetauro.it\/contenuti\/beni-storici-artistici\/scheda\/10393.html<\/a><\/p>\n<\/div>\n<\/div>\n<div class=\"icon2\"><\/div>\n<\/div><\/section><\/p><\/div>\n<style type=\"text\/css\" data-created_by=\"avia_inline_auto\" id=\"style-css-av-ldd7w3fp-18933fdb393a4e39f6a991859628a4c7\">\n#top .avia-gallery.av-ldd7w3fp-18933fdb393a4e39f6a991859628a4c7 .avia-gallery-thumb a{\nwidth:20%;\n}\n<\/style>\n<div  class='avia-gallery av-ldd7w3fp-18933fdb393a4e39f6a991859628a4c7 avia_animate_when_visible  avia-builder-el-4  el_after_av_one_full  avia-builder-el-last  avia_lazyload avia-gallery-animate avia-gallery-1'  itemprop=\"image\" itemscope=\"itemscope\" itemtype=\"https:\/\/schema.org\/ImageObject\" ><meta itemprop=\"contentURL\" content=\"https:\/\/www.laviaflaminia.it\/en\/portfolio-item\/3672\/\"><div class='avia-gallery-thumb'><a href=\"https:\/\/www.laviaflaminia.it\/wp-content\/uploads\/2023\/01\/Biblioteca_Federiciana_di_Fano_Sala_dei_Globi.jpg\" data-srcset=\"https:\/\/www.laviaflaminia.it\/wp-content\/uploads\/2023\/01\/Biblioteca_Federiciana_di_Fano_Sala_dei_Globi.jpg 505w, https:\/\/www.laviaflaminia.it\/wp-content\/uploads\/2023\/01\/Biblioteca_Federiciana_di_Fano_Sala_dei_Globi-300x297.jpg 300w, https:\/\/www.laviaflaminia.it\/wp-content\/uploads\/2023\/01\/Biblioteca_Federiciana_di_Fano_Sala_dei_Globi-80x80.jpg 80w, https:\/\/www.laviaflaminia.it\/wp-content\/uploads\/2023\/01\/Biblioteca_Federiciana_di_Fano_Sala_dei_Globi-36x36.jpg 36w\" data-sizes=\"(max-width: 505px) 100vw, 505px\" data-rel='gallery-1' data-prev-img='https:\/\/www.laviaflaminia.it\/wp-content\/uploads\/2023\/01\/Biblioteca_Federiciana_di_Fano_Sala_dei_Globi-495x400.jpg' class='first_thumb lightbox ' data-onclick='1' title='Biblioteca_Federiciana_di_Fano,_Sala_dei_Globi'  itemprop=\"thumbnailUrl\"  ><img decoding=\"async\" class=\"wp-image-4787 avia-img-lazy-loading-not-4787\"   src=\"https:\/\/www.laviaflaminia.it\/wp-content\/uploads\/2023\/01\/Biblioteca_Federiciana_di_Fano_Sala_dei_Globi-495x400.jpg\" width=\"495\" height=\"400\"  title='Biblioteca_Federiciana_di_Fano,_Sala_dei_Globi' alt='' \/><div class='big-prev-fake'><img loading=\"lazy\" decoding=\"async\" class=\"wp-image-4787 avia-img-lazy-loading-4787\"  width=\"495\" height=\"400\" src=\"https:\/\/www.laviaflaminia.it\/wp-content\/uploads\/2023\/01\/Biblioteca_Federiciana_di_Fano_Sala_dei_Globi-495x400.jpg\" title='Biblioteca_Federiciana_di_Fano,_Sala_dei_Globi' alt='' \/><\/div><\/a><a href=\"https:\/\/www.laviaflaminia.it\/wp-content\/uploads\/2023\/01\/Biblioteca_Federiciana_di_Fano_Sala_manoscritti_Archivio_stampe_e_disegni_mappa_di_Blavius_jr._partic..jpg\" data-srcset=\"https:\/\/www.laviaflaminia.it\/wp-content\/uploads\/2023\/01\/Biblioteca_Federiciana_di_Fano_Sala_manoscritti_Archivio_stampe_e_disegni_mappa_di_Blavius_jr._partic..jpg 650w, https:\/\/www.laviaflaminia.it\/wp-content\/uploads\/2023\/01\/Biblioteca_Federiciana_di_Fano_Sala_manoscritti_Archivio_stampe_e_disegni_mappa_di_Blavius_jr._partic.-279x300.jpg 279w\" data-sizes=\"(max-width: 650px) 100vw, 650px\" data-rel='gallery-1' data-prev-img='https:\/\/www.laviaflaminia.it\/wp-content\/uploads\/2023\/01\/Biblioteca_Federiciana_di_Fano_Sala_manoscritti_Archivio_stampe_e_disegni_mappa_di_Blavius_jr._partic.-495x400.jpg' class='lightbox ' data-onclick='2' title='Biblioteca_Federiciana_di_Fano,_Sala_manoscritti,_Archivio_stampe_e_disegni_mappa_di_Blavius_jr._(partic.)'  itemprop=\"thumbnailUrl\"  ><img decoding=\"async\" class=\"wp-image-4788 avia-img-lazy-loading-not-4788\"   src=\"https:\/\/www.laviaflaminia.it\/wp-content\/uploads\/2023\/01\/Biblioteca_Federiciana_di_Fano_Sala_manoscritti_Archivio_stampe_e_disegni_mappa_di_Blavius_jr._partic.-495x400.jpg\" width=\"495\" height=\"400\"  title='Biblioteca_Federiciana_di_Fano,_Sala_manoscritti,_Archivio_stampe_e_disegni_mappa_di_Blavius_jr._(partic.)' alt='' \/><div class='big-prev-fake'><img loading=\"lazy\" decoding=\"async\" class=\"wp-image-4788 avia-img-lazy-loading-4788\"  width=\"495\" height=\"400\" src=\"https:\/\/www.laviaflaminia.it\/wp-content\/uploads\/2023\/01\/Biblioteca_Federiciana_di_Fano_Sala_manoscritti_Archivio_stampe_e_disegni_mappa_di_Blavius_jr._partic.-495x400.jpg\" title='Biblioteca_Federiciana_di_Fano,_Sala_manoscritti,_Archivio_stampe_e_disegni_mappa_di_Blavius_jr._(partic.)' alt='' \/><\/div><\/a><a href=\"https:\/\/www.laviaflaminia.it\/wp-content\/uploads\/2023\/01\/Ingresso_della_Biblioteca_Federiciana_a_Fano_agosto_2007.jpg\" data-srcset=\"https:\/\/www.laviaflaminia.it\/wp-content\/uploads\/2023\/01\/Ingresso_della_Biblioteca_Federiciana_a_Fano_agosto_2007.jpg 600w, https:\/\/www.laviaflaminia.it\/wp-content\/uploads\/2023\/01\/Ingresso_della_Biblioteca_Federiciana_a_Fano_agosto_2007-225x300.jpg 225w, https:\/\/www.laviaflaminia.it\/wp-content\/uploads\/2023\/01\/Ingresso_della_Biblioteca_Federiciana_a_Fano_agosto_2007-529x705.jpg 529w\" data-sizes=\"(max-width: 600px) 100vw, 600px\" data-rel='gallery-1' data-prev-img='https:\/\/www.laviaflaminia.it\/wp-content\/uploads\/2023\/01\/Ingresso_della_Biblioteca_Federiciana_a_Fano_agosto_2007-495x400.jpg' class='lightbox ' data-onclick='3' title='Ingresso_della_Biblioteca_Federiciana_a_Fano,_agosto_2007'  itemprop=\"thumbnailUrl\"  ><img decoding=\"async\" class=\"wp-image-4789 avia-img-lazy-loading-not-4789\"   src=\"https:\/\/www.laviaflaminia.it\/wp-content\/uploads\/2023\/01\/Ingresso_della_Biblioteca_Federiciana_a_Fano_agosto_2007-495x400.jpg\" width=\"495\" height=\"400\"  title='Ingresso_della_Biblioteca_Federiciana_a_Fano,_agosto_2007' alt='' \/><div class='big-prev-fake'><img loading=\"lazy\" decoding=\"async\" class=\"wp-image-4789 avia-img-lazy-loading-4789\"  width=\"495\" height=\"400\" src=\"https:\/\/www.laviaflaminia.it\/wp-content\/uploads\/2023\/01\/Ingresso_della_Biblioteca_Federiciana_a_Fano_agosto_2007-495x400.jpg\" title='Ingresso_della_Biblioteca_Federiciana_a_Fano,_agosto_2007' alt='' \/><\/div><\/a><a href=\"https:\/\/www.laviaflaminia.it\/wp-content\/uploads\/2023\/01\/Piastrella_con_la_Madonna_del_Ponte_nello_scalone_della_Biblioteca_Federiciana_di_Fano_febbraio_2008.jpg\" data-srcset=\"https:\/\/www.laviaflaminia.it\/wp-content\/uploads\/2023\/01\/Piastrella_con_la_Madonna_del_Ponte_nello_scalone_della_Biblioteca_Federiciana_di_Fano_febbraio_2008.jpg 650w, https:\/\/www.laviaflaminia.it\/wp-content\/uploads\/2023\/01\/Piastrella_con_la_Madonna_del_Ponte_nello_scalone_della_Biblioteca_Federiciana_di_Fano_febbraio_2008-236x300.jpg 236w, https:\/\/www.laviaflaminia.it\/wp-content\/uploads\/2023\/01\/Piastrella_con_la_Madonna_del_Ponte_nello_scalone_della_Biblioteca_Federiciana_di_Fano_febbraio_2008-555x705.jpg 555w\" data-sizes=\"(max-width: 650px) 100vw, 650px\" data-rel='gallery-1' data-prev-img='https:\/\/www.laviaflaminia.it\/wp-content\/uploads\/2023\/01\/Piastrella_con_la_Madonna_del_Ponte_nello_scalone_della_Biblioteca_Federiciana_di_Fano_febbraio_2008-495x400.jpg' class='lightbox ' data-onclick='4' title='Piastrella_con_la_Madonna_del_Ponte_nello_scalone_della_Biblioteca_Federiciana_di_Fano,_febbraio_2008'  itemprop=\"thumbnailUrl\"  ><img decoding=\"async\" class=\"wp-image-4790 avia-img-lazy-loading-not-4790\"   src=\"https:\/\/www.laviaflaminia.it\/wp-content\/uploads\/2023\/01\/Piastrella_con_la_Madonna_del_Ponte_nello_scalone_della_Biblioteca_Federiciana_di_Fano_febbraio_2008-495x400.jpg\" width=\"495\" height=\"400\"  title='Piastrella_con_la_Madonna_del_Ponte_nello_scalone_della_Biblioteca_Federiciana_di_Fano,_febbraio_2008' alt='' \/><div class='big-prev-fake'><img loading=\"lazy\" decoding=\"async\" class=\"wp-image-4790 avia-img-lazy-loading-4790\"  width=\"495\" height=\"400\" src=\"https:\/\/www.laviaflaminia.it\/wp-content\/uploads\/2023\/01\/Piastrella_con_la_Madonna_del_Ponte_nello_scalone_della_Biblioteca_Federiciana_di_Fano_febbraio_2008-495x400.jpg\" title='Piastrella_con_la_Madonna_del_Ponte_nello_scalone_della_Biblioteca_Federiciana_di_Fano,_febbraio_2008' alt='' \/><\/div><\/a><\/div><\/div><\/p>\n","protected":false},"excerpt":{"rendered":"","protected":false},"featured_media":4787,"comment_status":"open","ping_status":"closed","template":"","tags":[],"portfolio_entries":[52,58],"class_list":["post-5745","portfolio","type-portfolio","status-publish","has-post-thumbnail","hentry","portfolio_entries-culture","portfolio_entries-fano-en"],"_links":{"self":[{"href":"https:\/\/www.laviaflaminia.it\/en\/wp-json\/wp\/v2\/portfolio\/5745","targetHints":{"allow":["GET"]}}],"collection":[{"href":"https:\/\/www.laviaflaminia.it\/en\/wp-json\/wp\/v2\/portfolio"}],"about":[{"href":"https:\/\/www.laviaflaminia.it\/en\/wp-json\/wp\/v2\/types\/portfolio"}],"replies":[{"embeddable":true,"href":"https:\/\/www.laviaflaminia.it\/en\/wp-json\/wp\/v2\/comments?post=5745"}],"version-history":[{"count":8,"href":"https:\/\/www.laviaflaminia.it\/en\/wp-json\/wp\/v2\/portfolio\/5745\/revisions"}],"predecessor-version":[{"id":5757,"href":"https:\/\/www.laviaflaminia.it\/en\/wp-json\/wp\/v2\/portfolio\/5745\/revisions\/5757"}],"wp:featuredmedia":[{"embeddable":true,"href":"https:\/\/www.laviaflaminia.it\/en\/wp-json\/wp\/v2\/media\/4787"}],"wp:attachment":[{"href":"https:\/\/www.laviaflaminia.it\/en\/wp-json\/wp\/v2\/media?parent=5745"}],"wp:term":[{"taxonomy":"post_tag","embeddable":true,"href":"https:\/\/www.laviaflaminia.it\/en\/wp-json\/wp\/v2\/tags?post=5745"},{"taxonomy":"portfolio_entries","embeddable":true,"href":"https:\/\/www.laviaflaminia.it\/en\/wp-json\/wp\/v2\/portfolio_entries?post=5745"}],"curies":[{"name":"wp","href":"https:\/\/api.w.org\/{rel}","templated":true}]}}